{"id":86,"date":"2024-09-04T16:55:09","date_gmt":"2024-09-04T16:55:09","guid":{"rendered":"http:\/\/www.infantedonfelipe.es\/contenido\/?page_id=86"},"modified":"2025-09-21T10:03:43","modified_gmt":"2025-09-21T10:03:43","slug":"claustro-de-profesores","status":"publish","type":"page","link":"https:\/\/www.infantedonfelipe.es\/contenido\/claustro-de-profesores\/","title":{"rendered":"Claustro de Profesores"},"content":{"rendered":"<p style=\"text-align: right;\"><a title=\"Organigrama Colegio Infante Don Felipe\" href=\"https:\/\/dl-web.dropbox.com\/get\/Colegio\/Documentos%20Program%C3%A1ticos\/Organigrama%201%20Colegio%202012-2013.pdf?w=AACnn4Cvr0t31t4ey2VneIr2ZCUcJiBJqTfd-bWtzccXww\">Organigrama<\/a><\/p>\n<p>&nbsp;<\/p>\n<p>&nbsp;<\/p>\n<h2 style=\"text-align: center;\"><span style=\"color: #0000ff;\"><strong>Claustro del curso 2025-2026<\/strong><\/span><\/h2>\n<h4 style=\"text-align: center;\"><strong>Tutora EI 3 a\u00f1os A &#8211;\u00a0<\/strong><strong>M\u00aa Sol D\u00edaz del Campo<\/strong><\/h4>\n<h4 style=\"text-align: center;\"><strong>Tutora EI 3 a\u00f1os B &#8211;\u00a0<\/strong><strong>M\u00aa Jos\u00e9 S\u00e1nchez-Camacho<\/strong><\/h4>\n<h4 style=\"text-align: center;\"><strong>Tutora EI 4 a\u00f1os A &#8211;\u00a0<\/strong><strong>M\u00aa Ascensi\u00f3n N\u00fa\u00f1ez de Arenas<\/strong><\/h4>\n<h4 style=\"text-align: center;\"><strong>Tutora EI 4 a\u00f1os B &#8211;\u00a0<\/strong><strong>M\u00aa \u00c1ngeles Mart\u00edn-Consuegra<\/strong><\/h4>\n<h4 style=\"text-align: center;\"><strong>Tutora EI 5 a\u00f1os A &#8211;\u00a0<\/strong><strong>M\u00aa Carmen Torres<\/strong><\/h4>\n<h4 style=\"text-align: center;\"><strong>Tutora EI 5 a\u00f1os B &#8211;\u00a0<\/strong><strong>Beatriz Infantes<\/strong><\/h4>\n<h4 style=\"text-align: center;\">Tutora EP 1\u00baA &#8211; M\u00aa Carmen G\u00f3mez-Rico<\/h4>\n<h4 style=\"text-align: center;\">Tutora EP 1\u00baB &#8211; M\u00aa Rosario Fern\u00e1ndez-Infantes<\/h4>\n<h4 style=\"text-align: center;\">Tutora EP 2\u00baA &#8211; M\u00aa \u00c1ngeles Maldonado<\/h4>\n<h4 style=\"text-align: center;\">Tutora EP 2\u00baB &#8211; Yolanda N\u00fa\u00f1ez<\/h4>\n<h4 style=\"text-align: center;\">Tutora EP 3\u00baA &#8211; Francisco Garc\u00eda-Moreno (Secretario)<\/h4>\n<h4 style=\"text-align: center;\">Tutor EP 3\u00baB &#8211; C\u00e9sar Moreno<\/h4>\n<h4 style=\"text-align: center;\">\u00a0\u00a0Tutor EP 4\u00baA &#8211; Irene Perona<\/h4>\n<h4 style=\"text-align: center;\">Tutor EP 4\u00baB &#8211;\u00a0<strong>Marcelino Ruiz de la Hermosa<\/strong><\/h4>\n<h4 style=\"text-align: center;\">Tutora EP 5\u00baA &#8211; Jes\u00fas Pav\u00f3n<\/h4>\n<h4 style=\"text-align: center;\">Tutor EP 5\u00baB &#8211; Rafael Huertas<\/h4>\n<h4 style=\"text-align: center;\">Tutor EP 6\u00baA &#8211; Mar\u00eda Cervantes<\/h4>\n<h4 style=\"text-align: center;\">Tutor EP 6\u00baB &#8211; Almudena Carretero<\/h4>\n<h4 style=\"text-align: center;\">Orientadora: Francisca Mill\u00e1n<\/h4>\n<h4 style=\"text-align: center;\">Pedagog\u00eda Terap\u00e9utica: Miguel A. Mart\u00ednez (Director)<\/h4>\n<h4 style=\"text-align: center;\">Pedagog\u00eda Terap\u00e9utica: Desir\u00e9e Molina<\/h4>\n<h4 style=\"text-align: center;\">Audici\u00f3n y Lenguaje: Elisa Mart\u00ednez<\/h4>\n<h4 style=\"text-align: center;\">M\u00fasica: Luis Alberto D\u00edaz del Campo <span style=\"text-align: center;\">(Jefe de Estudios)<\/span><\/h4>\n<h4 style=\"text-align: center;\">Ingl\u00e9s: Juan M. Rodr\u00edguez<\/h4>\n<h4 style=\"text-align: center;\">Ingl\u00e9s: Milagros Ostos<\/h4>\n<h4 style=\"text-align: center;\">Educaci\u00f3n F\u00edsica: Yolanda G\u00f3mez Espadas<\/h4>\n<h4 style=\"text-align: center;\">Educaci\u00f3n F\u00edsica: Manuel J. Vel\u00e1zquez<\/h4>\n<h4 style=\"text-align: center;\">Religi\u00f3n: M\u00aa Soledad Garc\u00eda-Luengo<\/h4>\n<h4 style=\"text-align: center;\">Religi\u00f3n: Francisco N\u00fa\u00f1ez de Arenas<\/h4>\n<p>&nbsp;<\/p>\n<h4 style=\"text-align: center;\"><\/h4>\n<h4 style=\"text-align: center;\"><\/h4>\n<h4 style=\"text-align: center;\"><\/h4>\n","protected":false},"excerpt":{"rendered":"<p>Organigrama &nbsp; &nbsp; Claustro del curso 2025-2026 Tutora EI 3 a\u00f1os A &#8211;\u00a0M\u00aa Sol D\u00edaz del Campo Tutora EI 3 a\u00f1os B &#8211;\u00a0M\u00aa Jos\u00e9 S\u00e1nchez-Camacho Tutora EI 4 a\u00f1os A &#8211;\u00a0M\u00aa Ascensi\u00f3n N\u00fa\u00f1ez de Arenas Tutora EI 4 a\u00f1os B &#8211;\u00a0M\u00aa \u00c1ngeles Mart\u00edn-Consuegra Tutora EI 5 a\u00f1os A &#8211;\u00a0M\u00aa Carmen Torres Tutora EI 5 a\u00f1os [&hellip;]<\/p>\n","protected":false},"author":1,"featured_media":0,"parent":0,"menu_order":0,"comment_status":"open","ping_status":"open","template":"","meta":{"footnotes":""},"_links":{"self":[{"href":"https:\/\/www.infantedonfelipe.es\/contenido\/wp-json\/wp\/v2\/pages\/86"}],"collection":[{"href":"https:\/\/www.infantedonfelipe.es\/contenido\/wp-json\/wp\/v2\/pages"}],"about":[{"href":"https:\/\/www.infantedonfelipe.es\/contenido\/wp-json\/wp\/v2\/types\/page"}],"author":[{"embeddable":true,"href":"https:\/\/www.infantedonfelipe.es\/contenido\/wp-json\/wp\/v2\/users\/1"}],"replies":[{"embeddable":true,"href":"https:\/\/www.infantedonfelipe.es\/contenido\/wp-json\/wp\/v2\/comments?post=86"}],"version-history":[{"count":32,"href":"https:\/\/www.infantedonfelipe.es\/contenido\/wp-json\/wp\/v2\/pages\/86\/revisions"}],"predecessor-version":[{"id":17043,"href":"https:\/\/www.infantedonfelipe.es\/contenido\/wp-json\/wp\/v2\/pages\/86\/revisions\/17043"}],"wp:attachment":[{"href":"https:\/\/www.infantedonfelipe.es\/contenido\/wp-json\/wp\/v2\/media?parent=86"}],"curies":[{"name":"wp","href":"https:\/\/api.w.org\/{rel}","templated":true}]}}